{"id":396,"date":"2023-06-21T07:07:51","date_gmt":"2023-06-21T07:07:51","guid":{"rendered":"https:\/\/staging.ass.ulm.schule\/?page_id=396"},"modified":"2024-02-23T07:31:31","modified_gmt":"2024-02-23T07:31:31","slug":"kooperationspartner","status":"publish","type":"page","link":"https:\/\/asg-ulm.de\/index.php\/kooperationspartner\/","title":{"rendered":"Kooperationspartner"},"content":{"rendered":"\n<p><\/p>\n\n\n\n<h4 class=\"wp-block-heading\">Kooperationspartner<\/h4>\n\n\n\n<p>Da Schule nicht nur ein Ort des Lernens, sondern auch der pers\u00f6nlichen Entwicklung ist, hat die ASG vielf\u00e4ltige au\u00dferschulische Kooperationspartner.<\/p>\n\n\n\n<p>So stehen auf der einen Seite Kooperationspartner zur Seite, die die musischen oder sportlichen Interessen sowohl in Form von au\u00dferschulischen Angeboten als auch in Form von Projekten innerhalb des Unterrichtes unterst\u00fctzen. Ein weiter wichtiger Bestandteil der Pers\u00f6nlichkeitsentwicklung ist die Unterst\u00fctzung der Lernenden durch Kooperationspartner, die die sozialen F\u00e4higkeiten und die Gesundheit in den Mittelpunkt nehmen. Bereits ab der Grundschule, verst\u00e4rkt dann aber ab der Sekundarstufe spielen Kooperationspartner eine Rolle, die die Lernenden bei der beruflichen Orientierung unterst\u00fctzen.<\/p>\n\n\n\n<p>Alle diese Kooperationspartner haben das Ziel, die Lernenden so in ihrer Pers\u00f6nlichkeitsentwicklung, dass sie zum Ende ihrer Schullaufbahn ihre pers\u00f6nlichen St\u00e4rken kennen und den f\u00fcr sie passenden weiteren Weg einschlagen.<\/p>\n\n\n\n<p>Hiermit ergeht gleichzeitig Dank an alle unsere, oftmals auch schon sehr langj\u00e4hrigen, Kooperationspartner f\u00fcr die gute Zusammenarbeit!<\/p>\n\n\n\n<h4 class=\"wp-block-heading\">Markt der M\u00f6glichkeiten 2024<\/h4>\n\n\n\n<div class=\"wp-block-file\"><a id=\"wp-block-file--media-c93ecf27-3954-4dc7-b866-880fedd482e2\" href=\"https:\/\/asg-ulm.de\/wp-content\/uploads\/2024\/01\/Einladung-MdM-ASG-Unternehmen-2024-05-03_v1-004-1.pdf\">Einladung Markt der M\u00f6glichkeiten am 3. Mai 2024<\/a><\/div>\n\n\n\n<div class=\"wp-block-file\"><a id=\"wp-block-file--media-c5d92355-7efc-43e6-bb83-47e680ea871d\" href=\"https:\/\/asg-ulm.de\/wp-content\/uploads\/2024\/01\/Anmeldung-Markt-der-Moeglichkeiten-2024.pdf\">Anmeldung Markt der M\u00f6glichkeiten 2024<\/a><\/div>\n\n\n\n<div style=\"height:62px\" aria-hidden=\"true\" class=\"wp-block-spacer\"><\/div>\n\n\n\n<h4 class=\"wp-block-heading\">Berufsberatung, Agentur f\u00fcr Arbeit Ulm<\/h4>\n\n\n\n<figure class=\"wp-block-image size-large\"><a href=\"https:\/\/www.arbeitsagentur.de\/vor-ort\/ulm\/berufsberatung-vor-dem-erwerbsleben\/stifterschule?pk_campaign=schulwebsite\" rel=\"https:\/\/www.arbeitsagentur.de\/vor-ort\/ulm\/berufsberatung-vor-dem-erwerbsleben\/stifterschule?pk_campaign=schulwebsite\"><img loading=\"lazy\" decoding=\"async\" width=\"1024\" height=\"390\" src=\"https:\/\/asg-ulm.de\/wp-content\/uploads\/2024\/02\/schulbanner-bundesagentur-fuer-arbeit.jpg-1024x390.webp\" alt=\"\" class=\"wp-image-2145\" srcset=\"https:\/\/asg-ulm.de\/wp-content\/uploads\/2024\/02\/schulbanner-bundesagentur-fuer-arbeit.jpg-1024x390.webp 1024w, https:\/\/asg-ulm.de\/wp-content\/uploads\/2024\/02\/schulbanner-bundesagentur-fuer-arbeit.jpg-300x114.webp 300w, https:\/\/asg-ulm.de\/wp-content\/uploads\/2024\/02\/schulbanner-bundesagentur-fuer-arbeit.jpg-768x292.webp 768w, https:\/\/asg-ulm.de\/wp-content\/uploads\/2024\/02\/schulbanner-bundesagentur-fuer-arbeit.jpg-1536x585.webp 1536w, https:\/\/asg-ulm.de\/wp-content\/uploads\/2024\/02\/schulbanner-bundesagentur-fuer-arbeit.jpg.webp 1920w\" sizes=\"auto, (max-width: 1024px) 100vw, 1024px\" \/><\/a><\/figure>\n\n\n\n<h4 class=\"wp-block-heading\">Katharina Schlander&nbsp;<\/h4>\n\n\n\n<p>Gerne stehe ich euch bei folgenden Themen zur Seite:<\/p>\n\n\n\n<p>Wie finde ich den richtigen Beruf f\u00fcr mich?<br>Wie bewerbe ich mich?<br>Welche weiterf\u00fchrenden Schulen gibt es?<br>Wo finde ich passende Ausbildungsstellen?<br>u.v.m.<\/p>\n\n\n\n<p>Mehr Infos: <a href=\"https:\/\/www.arbeitsagentur.de\/vor-ort\/ulm\/berufsberatung-vor-dem-erwerbsleben\/stifterschule?pk_campaign=schulwebsite\" target=\"_blank\" rel=\"noreferrer noopener\">Arbeitsagentur vor Ort<\/a><\/p>\n\n\n\n<div style=\"height:46px\" aria-hidden=\"true\" class=\"wp-block-spacer\"><\/div>\n\n\n\n<div style=\"height:45px\" aria-hidden=\"true\" class=\"wp-block-spacer\"><\/div>\n\n\n<style type=\"text\/css\">.otter-masonry .blocks-gallery-grid .blocks-gallery-item img{ width:100% }<\/style><div class=\"otter-masonry\" data-margin=\"10\">\n<figure class=\"wp-block-gallery has-nested-images columns-default is-cropped wp-block-gallery-1 is-layout-flex wp-block-gallery-is-layout-flex\">\n<figure class=\"wp-block-image size-large\"><img loading=\"lazy\" decoding=\"async\" width=\"1024\" height=\"544\" data-id=\"1852\" src=\"https:\/\/asg-ulm.de\/wp-content\/uploads\/2023\/11\/1065_Elisa_Ulm_Z_4c-3-1024x544.jpg\" alt=\"\" class=\"wp-image-1852\" srcset=\"https:\/\/asg-ulm.de\/wp-content\/uploads\/2023\/11\/1065_Elisa_Ulm_Z_4c-3-1024x544.jpg 1024w, https:\/\/asg-ulm.de\/wp-content\/uploads\/2023\/11\/1065_Elisa_Ulm_Z_4c-3-300x159.jpg 300w, https:\/\/asg-ulm.de\/wp-content\/uploads\/2023\/11\/1065_Elisa_Ulm_Z_4c-3-768x408.jpg 768w, https:\/\/asg-ulm.de\/wp-content\/uploads\/2023\/11\/1065_Elisa_Ulm_Z_4c-3-1536x815.jpg 1536w, https:\/\/asg-ulm.de\/wp-content\/uploads\/2023\/11\/1065_Elisa_Ulm_Z_4c-3-2048x1087.jpg 2048w\" sizes=\"auto, (max-width: 1024px) 100vw, 1024px\" \/><\/figure>\n\n\n\n<figure class=\"wp-block-image size-large\"><img loading=\"lazy\" decoding=\"async\" width=\"318\" height=\"159\" data-id=\"1839\" src=\"https:\/\/asg-ulm.de\/wp-content\/uploads\/2023\/11\/Alnatura-1.png\" alt=\"\" class=\"wp-image-1839\" srcset=\"https:\/\/asg-ulm.de\/wp-content\/uploads\/2023\/11\/Alnatura-1.png 318w, https:\/\/asg-ulm.de\/wp-content\/uploads\/2023\/11\/Alnatura-1-300x150.png 300w\" sizes=\"auto, (max-width: 318px) 100vw, 318px\" \/><\/figure>\n\n\n\n<figure class=\"wp-block-image size-large\"><img loading=\"lazy\" decoding=\"async\" width=\"1024\" height=\"556\" data-id=\"1840\" src=\"https:\/\/asg-ulm.de\/wp-content\/uploads\/2023\/11\/Ernst_Klett_Verlag.svg-1-1024x556.png\" alt=\"\" class=\"wp-image-1840\" srcset=\"https:\/\/asg-ulm.de\/wp-content\/uploads\/2023\/11\/Ernst_Klett_Verlag.svg-1-1024x556.png 1024w, https:\/\/asg-ulm.de\/wp-content\/uploads\/2023\/11\/Ernst_Klett_Verlag.svg-1-300x163.png 300w, https:\/\/asg-ulm.de\/wp-content\/uploads\/2023\/11\/Ernst_Klett_Verlag.svg-1-768x417.png 768w, https:\/\/asg-ulm.de\/wp-content\/uploads\/2023\/11\/Ernst_Klett_Verlag.svg-1.png 1200w\" sizes=\"auto, (max-width: 1024px) 100vw, 1024px\" \/><\/figure>\n\n\n\n<figure class=\"wp-block-image size-large\"><img loading=\"lazy\" decoding=\"async\" width=\"355\" height=\"142\" data-id=\"1837\" src=\"https:\/\/asg-ulm.de\/wp-content\/uploads\/2023\/11\/Handwerkskammer.png\" alt=\"\" class=\"wp-image-1837\" srcset=\"https:\/\/asg-ulm.de\/wp-content\/uploads\/2023\/11\/Handwerkskammer.png 355w, https:\/\/asg-ulm.de\/wp-content\/uploads\/2023\/11\/Handwerkskammer-300x120.png 300w\" sizes=\"auto, (max-width: 355px) 100vw, 355px\" \/><\/figure>\n\n\n\n<figure class=\"wp-block-image size-large\"><img loading=\"lazy\" decoding=\"async\" width=\"551\" height=\"191\" data-id=\"1838\" src=\"https:\/\/asg-ulm.de\/wp-content\/uploads\/2023\/11\/IHK-1.png\" alt=\"\" class=\"wp-image-1838\" srcset=\"https:\/\/asg-ulm.de\/wp-content\/uploads\/2023\/11\/IHK-1.png 551w, https:\/\/asg-ulm.de\/wp-content\/uploads\/2023\/11\/IHK-1-300x104.png 300w\" sizes=\"auto, (max-width: 551px) 100vw, 551px\" \/><\/figure>\n\n\n\n<figure class=\"wp-block-image size-large\"><img loading=\"lazy\" decoding=\"async\" width=\"963\" height=\"1024\" data-id=\"1850\" src=\"https:\/\/asg-ulm.de\/wp-content\/uploads\/2023\/11\/Klasse-2000-1-963x1024.jpg\" alt=\"\" class=\"wp-image-1850\" srcset=\"https:\/\/asg-ulm.de\/wp-content\/uploads\/2023\/11\/Klasse-2000-1-963x1024.jpg 963w, https:\/\/asg-ulm.de\/wp-content\/uploads\/2023\/11\/Klasse-2000-1-282x300.jpg 282w, https:\/\/asg-ulm.de\/wp-content\/uploads\/2023\/11\/Klasse-2000-1-768x816.jpg 768w, https:\/\/asg-ulm.de\/wp-content\/uploads\/2023\/11\/Klasse-2000-1-1445x1536.jpg 1445w, https:\/\/asg-ulm.de\/wp-content\/uploads\/2023\/11\/Klasse-2000-1-1927x2048.jpg 1927w\" sizes=\"auto, (max-width: 963px) 100vw, 963px\" \/><\/figure>\n\n\n\n<figure class=\"wp-block-image size-large\"><img loading=\"lazy\" decoding=\"async\" width=\"150\" height=\"150\" data-id=\"1851\" src=\"https:\/\/asg-ulm.de\/wp-content\/uploads\/2023\/11\/LOGO_BBU01_lightBG-150x150-2.png\" alt=\"\" class=\"wp-image-1851\"\/><\/figure>\n\n\n\n<figure class=\"wp-block-image size-large\"><img loading=\"lazy\" decoding=\"async\" width=\"1024\" height=\"1024\" data-id=\"1843\" src=\"https:\/\/asg-ulm.de\/wp-content\/uploads\/2023\/11\/Media-Markt-3-1024x1024.jpg\" alt=\"\" class=\"wp-image-1843\" srcset=\"https:\/\/asg-ulm.de\/wp-content\/uploads\/2023\/11\/Media-Markt-3-1024x1024.jpg 1024w, https:\/\/asg-ulm.de\/wp-content\/uploads\/2023\/11\/Media-Markt-3-300x300.jpg 300w, https:\/\/asg-ulm.de\/wp-content\/uploads\/2023\/11\/Media-Markt-3-150x150.jpg 150w, https:\/\/asg-ulm.de\/wp-content\/uploads\/2023\/11\/Media-Markt-3-768x768.jpg 768w, https:\/\/asg-ulm.de\/wp-content\/uploads\/2023\/11\/Media-Markt-3.jpg 1053w\" sizes=\"auto, (max-width: 1024px) 100vw, 1024px\" \/><\/figure>\n\n\n\n<figure class=\"wp-block-image size-large\"><img loading=\"lazy\" decoding=\"async\" width=\"1024\" height=\"273\" data-id=\"1845\" src=\"https:\/\/asg-ulm.de\/wp-content\/uploads\/2023\/11\/mentor-stiftung-deutschland-logo-cmyk-g-1-1024x273.png\" alt=\"\" class=\"wp-image-1845\" srcset=\"https:\/\/asg-ulm.de\/wp-content\/uploads\/2023\/11\/mentor-stiftung-deutschland-logo-cmyk-g-1-1024x273.png 1024w, https:\/\/asg-ulm.de\/wp-content\/uploads\/2023\/11\/mentor-stiftung-deutschland-logo-cmyk-g-1-300x80.png 300w, https:\/\/asg-ulm.de\/wp-content\/uploads\/2023\/11\/mentor-stiftung-deutschland-logo-cmyk-g-1-768x205.png 768w, https:\/\/asg-ulm.de\/wp-content\/uploads\/2023\/11\/mentor-stiftung-deutschland-logo-cmyk-g-1-1536x409.png 1536w, https:\/\/asg-ulm.de\/wp-content\/uploads\/2023\/11\/mentor-stiftung-deutschland-logo-cmyk-g-1-2048x546.png 2048w\" sizes=\"auto, (max-width: 1024px) 100vw, 1024px\" \/><\/figure>\n\n\n\n<figure class=\"wp-block-image size-large\"><img loading=\"lazy\" decoding=\"async\" width=\"900\" height=\"900\" data-id=\"1842\" src=\"https:\/\/asg-ulm.de\/wp-content\/uploads\/2023\/11\/Musikschule-der-Stadt-Ulm-1.jpg\" alt=\"\" class=\"wp-image-1842\" srcset=\"https:\/\/asg-ulm.de\/wp-content\/uploads\/2023\/11\/Musikschule-der-Stadt-Ulm-1.jpg 900w, https:\/\/asg-ulm.de\/wp-content\/uploads\/2023\/11\/Musikschule-der-Stadt-Ulm-1-300x300.jpg 300w, https:\/\/asg-ulm.de\/wp-content\/uploads\/2023\/11\/Musikschule-der-Stadt-Ulm-1-150x150.jpg 150w, https:\/\/asg-ulm.de\/wp-content\/uploads\/2023\/11\/Musikschule-der-Stadt-Ulm-1-768x768.jpg 768w\" sizes=\"auto, (max-width: 900px) 100vw, 900px\" \/><\/figure>\n\n\n\n<figure class=\"wp-block-image size-large\"><img loading=\"lazy\" decoding=\"async\" width=\"300\" height=\"98\" data-id=\"1844\" src=\"https:\/\/asg-ulm.de\/wp-content\/uploads\/2023\/11\/Polizei-1.jpg\" alt=\"\" class=\"wp-image-1844\"\/><\/figure>\n\n\n\n<figure class=\"wp-block-image size-large\"><img loading=\"lazy\" decoding=\"async\" width=\"176\" height=\"132\" data-id=\"1849\" src=\"https:\/\/asg-ulm.de\/wp-content\/uploads\/2023\/11\/Stadtbibliothek-ulm-1.png\" alt=\"\" class=\"wp-image-1849\"\/><\/figure>\n\n\n\n<figure class=\"wp-block-image size-large\"><img loading=\"lazy\" decoding=\"async\" width=\"228\" height=\"101\" data-id=\"1846\" src=\"https:\/\/asg-ulm.de\/wp-content\/uploads\/2023\/11\/VFB-Ulm-1.png\" alt=\"\" class=\"wp-image-1846\"\/><\/figure>\n\n\n\n<figure class=\"wp-block-image size-full\"><img loading=\"lazy\" decoding=\"async\" width=\"390\" height=\"195\" data-id=\"1855\" src=\"https:\/\/asg-ulm.de\/wp-content\/uploads\/2023\/11\/Vocatium-Ulm.jpg\" alt=\"\" class=\"wp-image-1855\" srcset=\"https:\/\/asg-ulm.de\/wp-content\/uploads\/2023\/11\/Vocatium-Ulm.jpg 390w, https:\/\/asg-ulm.de\/wp-content\/uploads\/2023\/11\/Vocatium-Ulm-300x150.jpg 300w\" sizes=\"auto, (max-width: 390px) 100vw, 390px\" \/><\/figure>\n\n\n\n<figure class=\"wp-block-image size-large\"><img loading=\"lazy\" decoding=\"async\" width=\"591\" height=\"137\" data-id=\"1848\" src=\"https:\/\/asg-ulm.de\/wp-content\/uploads\/2023\/11\/WIELAND_RGB-1.jpg\" alt=\"\" class=\"wp-image-1848\" srcset=\"https:\/\/asg-ulm.de\/wp-content\/uploads\/2023\/11\/WIELAND_RGB-1.jpg 591w, https:\/\/asg-ulm.de\/wp-content\/uploads\/2023\/11\/WIELAND_RGB-1-300x70.jpg 300w\" sizes=\"auto, (max-width: 591px) 100vw, 591px\" \/><\/figure>\n<\/figure>\n<\/div>","protected":false},"excerpt":{"rendered":"<p>Kooperationspartner Da Schule nicht nur ein Ort des Lernens, sondern auch der pers\u00f6nlichen Entwicklung ist, hat die ASG vielf\u00e4ltige au\u00dferschulische Kooperationspartner. So stehen auf der einen Seite Kooperationspartner zur Seite, die die musischen oder sportlichen Interessen sowohl in Form von au\u00dferschulischen Angeboten als auch in Form von Projekten innerhalb des Unterrichtes unterst\u00fctzen. Ein weiter wichtiger [&hellip;]<\/p>\n","protected":false},"author":2,"featured_media":0,"parent":0,"menu_order":0,"comment_status":"closed","ping_status":"closed","template":"","meta":{"site-sidebar-layout":"default","site-content-layout":"","ast-site-content-layout":"default","site-content-style":"default","site-sidebar-style":"default","ast-global-header-display":"","ast-banner-title-visibility":"","ast-main-header-display":"","ast-hfb-above-header-display":"","ast-hfb-below-header-display":"","ast-hfb-mobile-header-display":"","site-post-title":"","ast-breadcrumbs-content":"","ast-featured-img":"","footer-sml-layout":"","ast-disable-related-posts":"","theme-transparent-header-meta":"","adv-header-id-meta":"","stick-header-meta":"","header-above-stick-meta":"","header-main-stick-meta":"","header-below-stick-meta":"","astra-migrate-meta-layouts":"set","ast-page-background-enabled":"default","ast-page-background-meta":{"desktop":{"background-color":"var(--ast-global-color-4)","background-image":"","background-repeat":"repeat","background-position":"center center","background-size":"auto","background-attachment":"scroll","background-type":"","background-media":"","overlay-type":"","overlay-color":"","overlay-opacity":"","overlay-gradient":""},"tablet":{"background-color":"","background-image":"","background-repeat":"repeat","background-position":"center center","background-size":"auto","background-attachment":"scroll","background-type":"","background-media":"","overlay-type":"","overlay-color":"","overlay-opacity":"","overlay-gradient":""},"mobile":{"background-color":"","background-image":"","background-repeat":"repeat","background-position":"center center","background-size":"auto","background-attachment":"scroll","background-type":"","background-media":"","overlay-type":"","overlay-color":"","overlay-opacity":"","overlay-gradient":""}},"ast-content-background-meta":{"desktop":{"background-color":"var(--ast-global-color-5)","background-image":"","background-repeat":"repeat","background-position":"center center","background-size":"auto","background-attachment":"scroll","background-type":"","background-media":"","overlay-type":"","overlay-color":"","overlay-opacity":"","overlay-gradient":""},"tablet":{"background-color":"var(--ast-global-color-5)","background-image":"","background-repeat":"repeat","background-position":"center center","background-size":"auto","background-attachment":"scroll","background-type":"","background-media":"","overlay-type":"","overlay-color":"","overlay-opacity":"","overlay-gradient":""},"mobile":{"background-color":"var(--ast-global-color-5)","background-image":"","background-repeat":"repeat","background-position":"center center","background-size":"auto","background-attachment":"scroll","background-type":"","background-media":"","overlay-type":"","overlay-color":"","overlay-opacity":"","overlay-gradient":""}},"_themeisle_gutenberg_block_has_review":false,"_mc_calendar":[],"footnotes":""},"class_list":["post-396","page","type-page","status-publish","hentry"],"_links":{"self":[{"href":"https:\/\/asg-ulm.de\/index.php\/wp-json\/wp\/v2\/pages\/396","targetHints":{"allow":["GET"]}}],"collection":[{"href":"https:\/\/asg-ulm.de\/index.php\/wp-json\/wp\/v2\/pages"}],"about":[{"href":"https:\/\/asg-ulm.de\/index.php\/wp-json\/wp\/v2\/types\/page"}],"author":[{"embeddable":true,"href":"https:\/\/asg-ulm.de\/index.php\/wp-json\/wp\/v2\/users\/2"}],"replies":[{"embeddable":true,"href":"https:\/\/asg-ulm.de\/index.php\/wp-json\/wp\/v2\/comments?post=396"}],"version-history":[{"count":14,"href":"https:\/\/asg-ulm.de\/index.php\/wp-json\/wp\/v2\/pages\/396\/revisions"}],"predecessor-version":[{"id":2147,"href":"https:\/\/asg-ulm.de\/index.php\/wp-json\/wp\/v2\/pages\/396\/revisions\/2147"}],"wp:attachment":[{"href":"https:\/\/asg-ulm.de\/index.php\/wp-json\/wp\/v2\/media?parent=396"}],"curies":[{"name":"wp","href":"https:\/\/api.w.org\/{rel}","templated":true}]}}