{"id":1316,"date":"2023-07-17T07:15:43","date_gmt":"2023-07-17T07:15:43","guid":{"rendered":"https:\/\/staging.ass.ulm.schule\/?page_id=1316"},"modified":"2023-07-17T07:18:42","modified_gmt":"2023-07-17T07:18:42","slug":"niveaustufen-sekundarstufe","status":"publish","type":"page","link":"https:\/\/asg-ulm.de\/index.php\/niveaustufen-sekundarstufe\/","title":{"rendered":"Niveaustufen Sekundarstufe"},"content":{"rendered":"\n<h4 class=\"wp-block-heading\">Niveaustufen<\/h4>\n\n\n\n<div class=\"inherit-container-width wp-block-group is-layout-constrained wp-block-group-is-layout-constrained\">\n<p>In der Gemeinschaftsschule werden die Bildungsstandards aller Schularten angeboten. So k\u00f6nnen die Kinder auf ihrem jeweiligen pers\u00f6nlich h\u00f6chstem Niveau lernen. Dieses Niveau kann je nach Fach v\u00f6llig unterschiedlich sein. Das Grundniveau (G) vermittelt Kompetenzen, die zum Hauptschulabschluss f\u00fchren.<\/p>\n<\/div>\n\n\n\n<div class=\"inherit-container-width wp-block-group is-layout-constrained wp-block-group-is-layout-constrained\">\n<p>Das mittlere Niveau (M) vermittelt Kompetenzen, die zum Realschulabschluss f\u00fchren. Das erweiterte Niveau (E) vermittelt Kompetenzen, die zum Abitur f\u00fchren.<\/p>\n\n\n\n<p>Aus diesem Grund arbeiten an der GMS auch Lehrerinnen und Lehrer aller Schularten:<\/p>\n\n\n\n<p>Lehrer und Lehrerinnen des Gymnasiums, der Realschule, der Werkrealschule, der Grundschule und der Sonderp\u00e4dagogischen Bildungs- und Beratungszentren.<\/p>\n\n\n\n<p><a href=\"https:\/\/asg-ulm.de\/index.php\/schulkonzept__trashed\/individuelles-lernen\/\" data-type=\"page\" data-id=\"325\">zur\u00fcck zur \u00dcbersicht<\/a><\/p>\n\n\n\n<p><\/p>\n<\/div>\n","protected":false},"excerpt":{"rendered":"<p>Niveaustufen In der Gemeinschaftsschule werden die Bildungsstandards aller Schularten angeboten. So k\u00f6nnen die Kinder auf ihrem jeweiligen pers\u00f6nlich h\u00f6chstem Niveau lernen. Dieses Niveau kann je nach Fach v\u00f6llig unterschiedlich sein. Das Grundniveau (G) vermittelt Kompetenzen, die zum Hauptschulabschluss f\u00fchren. Das mittlere Niveau (M) vermittelt Kompetenzen, die zum Realschulabschluss f\u00fchren. Das erweiterte Niveau (E) vermittelt Kompetenzen, [&hellip;]<\/p>\n","protected":false},"author":2,"featured_media":0,"parent":0,"menu_order":0,"comment_status":"closed","ping_status":"closed","template":"","meta":{"site-sidebar-layout":"default","site-content-layout":"","ast-site-content-layout":"default","site-content-style":"default","site-sidebar-style":"default","ast-global-header-display":"","ast-banner-title-visibility":"","ast-main-header-display":"","ast-hfb-above-header-display":"","ast-hfb-below-header-display":"","ast-hfb-mobile-header-display":"","site-post-title":"","ast-breadcrumbs-content":"","ast-featured-img":"","footer-sml-layout":"","ast-disable-related-posts":"","theme-transparent-header-meta":"","adv-header-id-meta":"","stick-header-meta":"","header-above-stick-meta":"","header-main-stick-meta":"","header-below-stick-meta":"","astra-migrate-meta-layouts":"default","ast-page-background-enabled":"default","ast-page-background-meta":{"desktop":{"background-color":"var(--ast-global-color-4)","background-image":"","background-repeat":"repeat","background-position":"center center","background-size":"auto","background-attachment":"scroll","background-type":"","background-media":"","overlay-type":"","overlay-color":"","overlay-opacity":"","overlay-gradient":""},"tablet":{"background-color":"","background-image":"","background-repeat":"repeat","background-position":"center center","background-size":"auto","background-attachment":"scroll","background-type":"","background-media":"","overlay-type":"","overlay-color":"","overlay-opacity":"","overlay-gradient":""},"mobile":{"background-color":"","background-image":"","background-repeat":"repeat","background-position":"center center","background-size":"auto","background-attachment":"scroll","background-type":"","background-media":"","overlay-type":"","overlay-color":"","overlay-opacity":"","overlay-gradient":""}},"ast-content-background-meta":{"desktop":{"background-color":"var(--ast-global-color-5)","background-image":"","background-repeat":"repeat","background-position":"center center","background-size":"auto","background-attachment":"scroll","background-type":"","background-media":"","overlay-type":"","overlay-color":"","overlay-opacity":"","overlay-gradient":""},"tablet":{"background-color":"var(--ast-global-color-5)","background-image":"","background-repeat":"repeat","background-position":"center center","background-size":"auto","background-attachment":"scroll","background-type":"","background-media":"","overlay-type":"","overlay-color":"","overlay-opacity":"","overlay-gradient":""},"mobile":{"background-color":"var(--ast-global-color-5)","background-image":"","background-repeat":"repeat","background-position":"center center","background-size":"auto","background-attachment":"scroll","background-type":"","background-media":"","overlay-type":"","overlay-color":"","overlay-opacity":"","overlay-gradient":""}},"_themeisle_gutenberg_block_has_review":false,"_mc_calendar":[],"footnotes":""},"class_list":["post-1316","page","type-page","status-publish","hentry"],"_links":{"self":[{"href":"https:\/\/asg-ulm.de\/index.php\/wp-json\/wp\/v2\/pages\/1316","targetHints":{"allow":["GET"]}}],"collection":[{"href":"https:\/\/asg-ulm.de\/index.php\/wp-json\/wp\/v2\/pages"}],"about":[{"href":"https:\/\/asg-ulm.de\/index.php\/wp-json\/wp\/v2\/types\/page"}],"author":[{"embeddable":true,"href":"https:\/\/asg-ulm.de\/index.php\/wp-json\/wp\/v2\/users\/2"}],"replies":[{"embeddable":true,"href":"https:\/\/asg-ulm.de\/index.php\/wp-json\/wp\/v2\/comments?post=1316"}],"version-history":[{"count":3,"href":"https:\/\/asg-ulm.de\/index.php\/wp-json\/wp\/v2\/pages\/1316\/revisions"}],"predecessor-version":[{"id":1321,"href":"https:\/\/asg-ulm.de\/index.php\/wp-json\/wp\/v2\/pages\/1316\/revisions\/1321"}],"wp:attachment":[{"href":"https:\/\/asg-ulm.de\/index.php\/wp-json\/wp\/v2\/media?parent=1316"}],"curies":[{"name":"wp","href":"https:\/\/api.w.org\/{rel}","templated":true}]}}